{"id":2903,"date":"2026-04-30T10:46:46","date_gmt":"2026-04-30T10:46:46","guid":{"rendered":"https:\/\/sg-ricklingen.de\/?page_id=2903"},"modified":"2026-04-30T11:53:56","modified_gmt":"2026-04-30T11:53:56","slug":"chronik-2","status":"publish","type":"page","link":"https:\/\/sg-ricklingen.de\/?page_id=2903","title":{"rendered":"Chronik"},"content":{"rendered":"\n<p style=\"font-size:22px\"><strong>Die Sch\u00fctzen in Ricklingen im Wandel der Zeiten <\/strong><\/p>\n\n\n\n<p style=\"font-size:18px\">Die Geschichte der <strong>Sch\u00fctzengesellschaft Ricklingen von 1853 e.V.<\/strong> beginnt im Jahr <strong>1853<\/strong>, als Ricklinger B\u00fcrger ein Sch\u00fctzenfest feierten und eine Fahne mit der Aufschrift \u201eSch\u00fctzen in Ricklingen 1853\u201c zum Festplatz auf dem Distelkamp trugen. Schon damals zeigte sich, wie eng das Sch\u00fctzenwesen mit dem Gemeinschaftsleben im Ort verbunden war.<\/p>\n\n\n\n<p style=\"font-size:18px\"><strong>1868<\/strong> schafften sich die Ricklinger Sch\u00fctzen ihre zweite Fahne an, verziert mit dem Sachsenross und der Aufschrift \u201eEs lebe die Ricklinger Sch\u00fctzengesellschaft\u201c. Eine weitere Fahne ist auf einer Fotografie aus <strong>1886<\/strong> zu sehen, getragen bei einem Sch\u00fctzenfest auf dem sogenannten Linnepump. <strong>1896<\/strong> wurde der bis dahin \u00fcbliche Zylinder durch den gr\u00fcnen Sch\u00fctzenhut ersetzt, ein sichtbares Zeichen des Wandels.<\/p>\n\n\n\n<div style=\"height:20px\" aria-hidden=\"true\" class=\"wp-block-spacer\"><\/div>\n\n\n\n<div class=\"wp-block-columns is-layout-flex wp-container-core-columns-is-layout-9d6595d7 wp-block-columns-is-layout-flex\">\n<div class=\"wp-block-column is-vertically-aligned-center is-layout-flow wp-block-column-is-layout-flow\"><div class=\"wp-block-image\">\n<figure class=\"aligncenter size-full is-resized\"><img loading=\"lazy\" decoding=\"async\" width=\"549\" height=\"446\" src=\"https:\/\/sg-ricklingen.de\/wp-content\/uploads\/2026\/04\/GPSYOXMLPXYIQZ7ZFB56WCCFJY-e1777549339127.avif\" alt=\"\" class=\"wp-image-2926\" style=\"object-fit:contain;width:406px;height:350px\" srcset=\"https:\/\/sg-ricklingen.de\/wp-content\/uploads\/2026\/04\/GPSYOXMLPXYIQZ7ZFB56WCCFJY-e1777549339127.avif 549w, https:\/\/sg-ricklingen.de\/wp-content\/uploads\/2026\/04\/GPSYOXMLPXYIQZ7ZFB56WCCFJY-e1777549339127-300x244.avif 300w, https:\/\/sg-ricklingen.de\/wp-content\/uploads\/2026\/04\/GPSYOXMLPXYIQZ7ZFB56WCCFJY-e1777549339127-520x422.avif 520w\" sizes=\"auto, (max-width: 549px) 100vw, 549px\" \/><\/figure>\n<\/div><\/div>\n\n\n\n<div class=\"wp-block-column is-vertically-aligned-center is-layout-flow wp-block-column-is-layout-flow\"><div class=\"wp-block-image\">\n<figure class=\"aligncenter size-full is-resized\"><img loading=\"lazy\" decoding=\"async\" width=\"462\" height=\"382\" src=\"https:\/\/sg-ricklingen.de\/wp-content\/uploads\/2026\/04\/SEHJVYJ2N7IMWUDIJR6I6QUP6E-e1777549361744.jpg\" alt=\"\" class=\"wp-image-2927\" style=\"object-fit:contain;width:406px;height:350px\" srcset=\"https:\/\/sg-ricklingen.de\/wp-content\/uploads\/2026\/04\/SEHJVYJ2N7IMWUDIJR6I6QUP6E-e1777549361744.jpg 462w, https:\/\/sg-ricklingen.de\/wp-content\/uploads\/2026\/04\/SEHJVYJ2N7IMWUDIJR6I6QUP6E-e1777549361744-300x248.jpg 300w\" sizes=\"auto, (max-width: 462px) 100vw, 462px\" \/><\/figure>\n<\/div><\/div>\n<\/div>\n\n\n\n<div style=\"height:20px\" aria-hidden=\"true\" class=\"wp-block-spacer\"><\/div>\n\n\n\n<p style=\"font-size:18px\">Mit der Wahl von <strong>Karl Sch\u00fcnemann<\/strong> zum ersten Vorsitzenden im Jahr <strong>1908<\/strong> begann eine neue \u00c4ra. Ein Jahr sp\u00e4ter, <strong>1909<\/strong>, wurde die Sch\u00fctzengesellschaft offiziell in das Vereinsregister der Stadt Hannover eingetragen. Sch\u00fcnemann f\u00fchrte den Verein bis zu seinem Tod 1934 und pr\u00e4gte ihn \u00fcber ein Vierteljahrhundert.<\/p>\n\n\n\n<p style=\"font-size:18px\"><strong>1924<\/strong> wurde die Jugendabteilung gegr\u00fcndet, ebenso das Pfeifer- und Trommlerkorps, initiiert und gef\u00f6rdert von Willy Goldmann sen. Bereits <strong>1929<\/strong> errangen eine Jugend- und eine Sch\u00fctzenklassemannschaft die Landesmeisterschaft und holten erstmals das \u201eGr\u00fcne Band der Stadt Hannover\u201c.<\/p>\n\n\n\n<p style=\"font-size:18px\">Der Zweite Weltkrieg brachte einen schweren Einschnitt. Bei einem Luftangriff im Jahr <strong>1945<\/strong> wurde das Vereinslokal in der Pfarrstra\u00dfe zerst\u00f6rt. Fast der gesamte Vereinsbesitz, Fahnen, Pokale, Unterlagen, Sportger\u00e4te, ging verloren. Nach Kriegsende wurden Sch\u00fctzenvereine zun\u00e4chst verboten, und das verbliebene Eigentum beschlagnahmt.<\/p>\n\n\n\n<p style=\"font-size:18px\">Doch die Ricklinger Sch\u00fctzen gaben nicht auf. Am <strong>14. Januar 1952<\/strong> erfolgte die Neugr\u00fcndung der Sch\u00fctzengesellschaft Ricklingen. Otto Dreyer wurde erster Vorsitzender, und die Gastst\u00e4tte <em>Anna Borchers<\/em>, heute die <em>Alte Ricklinger Bierquelle<\/em>, wurde neues Vereinslokal. <strong>1954<\/strong> folgte Albert Bangemann als Vorsitzender.<\/p>\n\n\n\n<div style=\"height:20px\" aria-hidden=\"true\" class=\"wp-block-spacer\"><\/div>\n\n\n\n<div class=\"wp-block-columns is-layout-flex wp-container-core-columns-is-layout-9d6595d7 wp-block-columns-is-layout-flex\">\n<div class=\"wp-block-column is-vertically-aligned-center is-layout-flow wp-block-column-is-layout-flow\"><div class=\"wp-block-image\">\n<figure class=\"aligncenter size-full\"><img loading=\"lazy\" decoding=\"async\" width=\"552\" height=\"415\" src=\"https:\/\/sg-ricklingen.de\/wp-content\/uploads\/2026\/04\/MQCL4P4EWG5QJTCII4V62RJWVQ-e1777548976192.avif\" alt=\"\" class=\"wp-image-2922\" srcset=\"https:\/\/sg-ricklingen.de\/wp-content\/uploads\/2026\/04\/MQCL4P4EWG5QJTCII4V62RJWVQ-e1777548976192.avif 552w, https:\/\/sg-ricklingen.de\/wp-content\/uploads\/2026\/04\/MQCL4P4EWG5QJTCII4V62RJWVQ-e1777548976192-300x226.avif 300w, https:\/\/sg-ricklingen.de\/wp-content\/uploads\/2026\/04\/MQCL4P4EWG5QJTCII4V62RJWVQ-e1777548976192-520x391.avif 520w\" sizes=\"auto, (max-width: 552px) 100vw, 552px\" \/><\/figure>\n<\/div><\/div>\n\n\n\n<div class=\"wp-block-column is-vertically-aligned-center is-layout-flow wp-block-column-is-layout-flow\"><div class=\"wp-block-image\">\n<figure class=\"aligncenter size-large\"><img loading=\"lazy\" decoding=\"async\" width=\"1024\" height=\"693\" src=\"https:\/\/sg-ricklingen.de\/wp-content\/uploads\/2017\/08\/Skizze-Bierquelle2-1024x693.jpg\" alt=\"\" class=\"wp-image-318\" srcset=\"https:\/\/sg-ricklingen.de\/wp-content\/uploads\/2017\/08\/Skizze-Bierquelle2-1024x693.jpg 1024w, https:\/\/sg-ricklingen.de\/wp-content\/uploads\/2017\/08\/Skizze-Bierquelle2-300x203.jpg 300w, https:\/\/sg-ricklingen.de\/wp-content\/uploads\/2017\/08\/Skizze-Bierquelle2-768x520.jpg 768w, https:\/\/sg-ricklingen.de\/wp-content\/uploads\/2017\/08\/Skizze-Bierquelle2-520x352.jpg 520w, https:\/\/sg-ricklingen.de\/wp-content\/uploads\/2017\/08\/Skizze-Bierquelle2-740x501.jpg 740w, https:\/\/sg-ricklingen.de\/wp-content\/uploads\/2017\/08\/Skizze-Bierquelle2.jpg 1815w\" sizes=\"auto, (max-width: 1024px) 100vw, 1024px\" \/><\/figure>\n<\/div><\/div>\n\n\n\n<div class=\"wp-block-column is-vertically-aligned-center is-layout-flow wp-block-column-is-layout-flow\"><div class=\"wp-block-image\">\n<figure class=\"aligncenter size-full\"><img loading=\"lazy\" decoding=\"async\" width=\"458\" height=\"325\" src=\"https:\/\/sg-ricklingen.de\/wp-content\/uploads\/2026\/04\/WhatsApp-Image-2026-04-30-at-13.34.15.jpeg\" alt=\"\" class=\"wp-image-2923\" srcset=\"https:\/\/sg-ricklingen.de\/wp-content\/uploads\/2026\/04\/WhatsApp-Image-2026-04-30-at-13.34.15.jpeg 458w, https:\/\/sg-ricklingen.de\/wp-content\/uploads\/2026\/04\/WhatsApp-Image-2026-04-30-at-13.34.15-300x213.jpeg 300w\" sizes=\"auto, (max-width: 458px) 100vw, 458px\" \/><\/figure>\n<\/div><\/div>\n<\/div>\n\n\n\n<div style=\"height:20px\" aria-hidden=\"true\" class=\"wp-block-spacer\"><\/div>\n\n\n\n<p style=\"font-size:18px\">Ab Mitte der 1960er\u2011Jahre gewann das Vereinsleben der Ricklinger Sch\u00fctzen sp\u00fcrbar an Dynamik. <strong>1964<\/strong> pr\u00e4gte der Musikverein MGMV Burgstemmen erstmals den Ausmarsch durch Hannover, w\u00e4hrend <strong>Hans Gieseke<\/strong> die F\u00fchrung der Gesellschaft \u00fcbernahm. In den folgenden Jahren stellten die Ricklinger ihre sportliche St\u00e4rke unter Beweis: <strong>1967<\/strong> gelang ihnen der Gewinn des \u201eGro\u00dfen Goldenen Sch\u00fctzenhaus\u2011Pokals\u201c, und <strong>1971<\/strong> wurde mit G\u00fcnter Pape erstmals ein Ricklinger Sch\u00fctze mit dem Stern ausgezeichnet.<\/p>\n\n\n\n<p style=\"font-size:18px\">Kurz darauf leitete <strong>Hans Rodewald<\/strong> ab <strong>1972<\/strong> die Geschicke des Vereins. Die Jugendarbeit setzte ein starkes Zeichen, als die Jungsch\u00fctzen <strong>1974<\/strong> ihr 50\u2011j\u00e4hriges Bestehen feierten. Nur ein Jahr sp\u00e4ter errang <strong>Karl\u2011Heinz K\u00f6sel<\/strong> den Titel des Stadtk\u00f6nigs von Hannover, bevor <strong>1977<\/strong> mit Holger Wenck der erste <a href=\"https:\/\/sg-ricklingen.de\/?page_id=522\" data-type=\"page\" data-id=\"522\">Bruchmeister<\/a> aus Ricklingen gestellt wurde.<\/p>\n\n\n\n<p style=\"font-size:18px\">In den <strong>1980er<\/strong>\u2011Jahren gewann die SG Ricklingen weiter an Profil. Unter <strong>Dieter Bangemann<\/strong> erhielt der Verein neue Impulse, und mit der 0-Ausgabe des <em><a href=\"https:\/\/sg-ricklingen.de\/?page_id=457\" data-type=\"page\" data-id=\"457\">Ricklinger Sch\u00fctzen<\/a><\/em> entstand <strong>1981<\/strong> eine Vereinszeitung, die bis heute das Vereinsleben begleitet. Die Gemeinschaft r\u00fcckte enger zusammen, was sich auch in der ersten Auslandsreise nach Paris im Jahr <strong>1982<\/strong> zeigte. Mitte des Jahrzehnts kamen neue Traditionen hinzu, <strong>1986 <\/strong>das Edelhof\u2011Pokalschie\u00dfen, und <strong>1988<\/strong> folgte ein besonders feierlicher Moment mit der Weihe der f\u00fcnften Fahne sowie der Verleihung der <strong>Sportplakette des Bundespr\u00e4sidenten<\/strong>.<\/p>\n\n\n\n<p style=\"font-size:18px\">Die <strong>1990er<\/strong>\u2011Jahre brachten Ver\u00e4nderungen: Die Damenabteilung wurde gegr\u00fcndet, <strong>1996<\/strong> jedoch wieder aufgel\u00f6st. Das traditionelle Ricklinger Sch\u00fctzenfest musste jedoch <strong>1993<\/strong> eingestellt werden, neue Umweltauflagen machten eine Fortf\u00fchrung unm\u00f6glich. Das zweij\u00e4hrliche Stra\u00dfenfest am Hahnensteg wurde zum beliebten Ersatz. Ab <strong>1994<\/strong> f\u00fchrte <strong>Klaus Mattuscheck<\/strong> den Verein durch eine Phase des Umbruchs.<\/p>\n\n\n\n<p style=\"font-size:18px\">Mit dem Jubil\u00e4umsjahr <strong>2003 <\/strong>r\u00fcckte die lange Tradition der SG Ricklingen wieder in den Mittelpunkt. Ein Jahr sp\u00e4ter \u00fcbernahm <strong>Dietrich Raabe<\/strong> den Vorsitz, und <strong>2005<\/strong> wurde die Damenabteilung erfolgreich neu belebt.<\/p>\n\n\n\n<p style=\"font-size:18px\">Ab <strong>2013 <\/strong>entwickelte sich im Jugendbereich eine bemerkenswerte Erfolgsserie. Den Anfang machte <strong>Lisa\u2011Marie M\u00fcller<\/strong>, die gleich zwei Jahre in Folge zur Stadtjugendk\u00f6nigin gek\u00fcrt wurde. Auf sie folgten <strong>2015<\/strong> <strong>Philip Latzel<\/strong> und <strong>2016 Dominik Bulitta<\/strong>. Im selben Jahr wurde die Bogenabteilung neugegr\u00fcndet. <strong>2017<\/strong> setzte <strong>Vanessa Smorra<\/strong> die Reihe fort und holte den Titel ebenfalls. Und <strong>2018 <\/strong>gelang es gleich zwei Ricklingern, sich in Hannover durchzusetzen: <strong>Olaf Dahms<\/strong> wurde Stadtk\u00f6nig, w\u00e4hrend <strong>Aaron Oelker<\/strong> Stadtjugendk\u00f6nig wurde.<\/p>\n\n\n\n<div style=\"height:20px\" aria-hidden=\"true\" class=\"wp-block-spacer\"><\/div>\n\n\n\n<div class=\"wp-block-columns is-layout-flex wp-container-core-columns-is-layout-9d6595d7 wp-block-columns-is-layout-flex\">\n<div class=\"wp-block-column is-vertically-aligned-center is-layout-flow wp-block-column-is-layout-flow\">\n<figure class=\"wp-block-gallery has-nested-images columns-default is-cropped wp-block-gallery-1 is-layout-flex wp-block-gallery-is-layout-flex\"><div class=\"wp-block-image\">\n<figure class=\"aligncenter size-large\"><img loading=\"lazy\" decoding=\"async\" width=\"375\" height=\"334\" data-id=\"2822\" src=\"https:\/\/sg-ricklingen.de\/wp-content\/uploads\/2026\/04\/Stadjugenkoenigin-Lisa-e1777548042454.avif\" alt=\"\" class=\"wp-image-2822\" srcset=\"https:\/\/sg-ricklingen.de\/wp-content\/uploads\/2026\/04\/Stadjugenkoenigin-Lisa-e1777548042454.avif 375w, https:\/\/sg-ricklingen.de\/wp-content\/uploads\/2026\/04\/Stadjugenkoenigin-Lisa-e1777548042454-300x267.avif 300w\" sizes=\"auto, (max-width: 375px) 100vw, 375px\" \/><\/figure>\n<\/div><\/figure>\n<\/div>\n\n\n\n<div class=\"wp-block-column is-vertically-aligned-center is-layout-flow wp-block-column-is-layout-flow\"><div class=\"wp-block-image\">\n<figure class=\"aligncenter size-full\"><img loading=\"lazy\" decoding=\"async\" width=\"455\" height=\"426\" src=\"https:\/\/sg-ricklingen.de\/wp-content\/uploads\/2018\/06\/Festessen_489_Schuetzenfest_2018_07_03_111-e1777548074245.jpg\" alt=\"\" class=\"wp-image-2567\" srcset=\"https:\/\/sg-ricklingen.de\/wp-content\/uploads\/2018\/06\/Festessen_489_Schuetzenfest_2018_07_03_111-e1777548074245.jpg 455w, https:\/\/sg-ricklingen.de\/wp-content\/uploads\/2018\/06\/Festessen_489_Schuetzenfest_2018_07_03_111-e1777548074245-300x281.jpg 300w\" sizes=\"auto, (max-width: 455px) 100vw, 455px\" \/><\/figure>\n<\/div><\/div>\n\n\n\n<div class=\"wp-block-column is-vertically-aligned-center is-layout-flow wp-block-column-is-layout-flow\"><div class=\"wp-block-image\">\n<figure class=\"aligncenter size-full\"><img loading=\"lazy\" decoding=\"async\" width=\"957\" height=\"840\" src=\"https:\/\/sg-ricklingen.de\/wp-content\/uploads\/2026\/04\/IMG_4224-e1777548106355.jpeg\" alt=\"\" class=\"wp-image-2915\" srcset=\"https:\/\/sg-ricklingen.de\/wp-content\/uploads\/2026\/04\/IMG_4224-e1777548106355.jpeg 957w, https:\/\/sg-ricklingen.de\/wp-content\/uploads\/2026\/04\/IMG_4224-e1777548106355-300x263.jpeg 300w, https:\/\/sg-ricklingen.de\/wp-content\/uploads\/2026\/04\/IMG_4224-e1777548106355-768x674.jpeg 768w, https:\/\/sg-ricklingen.de\/wp-content\/uploads\/2026\/04\/IMG_4224-e1777548106355-520x456.jpeg 520w, https:\/\/sg-ricklingen.de\/wp-content\/uploads\/2026\/04\/IMG_4224-e1777548106355-740x650.jpeg 740w\" sizes=\"auto, (max-width: 957px) 100vw, 957px\" \/><\/figure>\n<\/div><\/div>\n<\/div>\n\n\n\n<div style=\"height:20px\" aria-hidden=\"true\" class=\"wp-block-spacer\"><\/div>\n\n\n\n<p style=\"font-size:18px\">Nach den erfolgreichen Jugendjahren setzte sich die Entwicklung der SG Ricklingen auch in den folgenden Jahren fort. <strong>2022<\/strong> markierte dabei einen besonderen Moment, als <strong>Vanessa Smorra<\/strong> als erste Frau das Bruchmeisteramt der Landeshauptstadt Hannover \u00fcbernahm, ein Ereignis, das weit \u00fcber Ricklingen hinaus Beachtung fand.<\/p>\n\n\n\n<p style=\"font-size:18px\">Im darauffolgenden Jahr r\u00fcckten zwei Ricklinger Sch\u00fctzinnen in den Verband Hannoverscher Sch\u00fctzenvereine auf: <strong>Kathrin G\u00f6llinger<\/strong> als Damenleiterin und <strong>Heike Dahms<\/strong> als ihre Stellvertreterin. Damit war die Ricklinger Handschrift auch auf Verbandsebene deutlich sichtbar.<\/p>\n\n\n\n<p style=\"font-size:18px\"><strong>2024<\/strong> setzte sich diese Entwicklung fort. <strong>Sebastian Buntrock<\/strong> \u00fcbernahm das Amt des Vizepr\u00e4sidenten im VHS, w\u00e4hrend <strong>Olaf Dahms<\/strong> gleichzeitig den Vorsitz der SG Ricklingen antrat und damit die Vereinsf\u00fchrung in eine neue Phase f\u00fchrte.<\/p>\n\n\n\n<p style=\"font-size:18px\">Ein Jahr sp\u00e4ter feierte die Damenabteilung ihr <strong>25\u2011j\u00e4hriges Jubil\u00e4um<\/strong>, und erneut gelang ein gro\u00dfer Erfolg: <strong>Sebastian Buntrock<\/strong> errang den Titel des Stadtk\u00f6nigs von Hannover und kn\u00fcpfte damit an die lange Tradition Ricklinger K\u00f6nigsw\u00fcrden an.<\/p>\n\n\n\n<p style=\"font-size:18px\"><strong>2026<\/strong> best\u00e4tigte sich die starke Pr\u00e4senz der Ricklinger Sch\u00fctzen auch auf Verbandsebene. <strong>Olaf Dahms<\/strong> wurde erneut zum Jugendleiter des VHS gew\u00e4hlt und setzte damit seine langj\u00e4hrige Arbeit im Nachwuchsbereich fort. Gleichzeitig blieb <strong>Timo Meier<\/strong> als stellvertretender Festleiter im Amt, und <strong>Sebastian Buntrock<\/strong> wurde ein weiteres Mal als Vizepr\u00e4sident des Verbandes best\u00e4tigt, ein klares Zeichen f\u00fcr das Vertrauen, das die Ricklinger im VHS genie\u00dfen.<\/p>\n\n\n\n<div style=\"height:20px\" aria-hidden=\"true\" class=\"wp-block-spacer\"><\/div>\n\n\n\n<div class=\"wp-block-columns is-layout-flex wp-container-core-columns-is-layout-9d6595d7 wp-block-columns-is-layout-flex\">\n<div class=\"wp-block-column is-layout-flow wp-block-column-is-layout-flow\">\n<figure class=\"wp-block-image size-large\"><img loading=\"lazy\" decoding=\"async\" width=\"1024\" height=\"768\" src=\"https:\/\/sg-ricklingen.de\/wp-content\/uploads\/2026\/04\/Olaf-Dahms-1024x768.jpg\" alt=\"\" class=\"wp-image-2933\" srcset=\"https:\/\/sg-ricklingen.de\/wp-content\/uploads\/2026\/04\/Olaf-Dahms-1024x768.jpg 1024w, https:\/\/sg-ricklingen.de\/wp-content\/uploads\/2026\/04\/Olaf-Dahms-300x225.jpg 300w, https:\/\/sg-ricklingen.de\/wp-content\/uploads\/2026\/04\/Olaf-Dahms-768x576.jpg 768w, https:\/\/sg-ricklingen.de\/wp-content\/uploads\/2026\/04\/Olaf-Dahms-1536x1152.jpg 1536w, https:\/\/sg-ricklingen.de\/wp-content\/uploads\/2026\/04\/Olaf-Dahms-520x390.jpg 520w, https:\/\/sg-ricklingen.de\/wp-content\/uploads\/2026\/04\/Olaf-Dahms-740x555.jpg 740w, https:\/\/sg-ricklingen.de\/wp-content\/uploads\/2026\/04\/Olaf-Dahms.jpg 1543w\" sizes=\"auto, (max-width: 1024px) 100vw, 1024px\" \/><\/figure>\n<\/div>\n\n\n\n<div class=\"wp-block-column is-layout-flow wp-block-column-is-layout-flow\">\n<figure class=\"wp-block-image size-large\"><img loading=\"lazy\" decoding=\"async\" width=\"1024\" height=\"768\" src=\"https:\/\/sg-ricklingen.de\/wp-content\/uploads\/2026\/04\/Timo-Meier-1024x768.jpg\" alt=\"\" class=\"wp-image-2934\" srcset=\"https:\/\/sg-ricklingen.de\/wp-content\/uploads\/2026\/04\/Timo-Meier-1024x768.jpg 1024w, https:\/\/sg-ricklingen.de\/wp-content\/uploads\/2026\/04\/Timo-Meier-300x225.jpg 300w, https:\/\/sg-ricklingen.de\/wp-content\/uploads\/2026\/04\/Timo-Meier-768x576.jpg 768w, https:\/\/sg-ricklingen.de\/wp-content\/uploads\/2026\/04\/Timo-Meier-1536x1152.jpg 1536w, https:\/\/sg-ricklingen.de\/wp-content\/uploads\/2026\/04\/Timo-Meier-520x390.jpg 520w, https:\/\/sg-ricklingen.de\/wp-content\/uploads\/2026\/04\/Timo-Meier-740x555.jpg 740w, https:\/\/sg-ricklingen.de\/wp-content\/uploads\/2026\/04\/Timo-Meier.jpg 1543w\" sizes=\"auto, (max-width: 1024px) 100vw, 1024px\" \/><\/figure>\n<\/div>\n\n\n\n<div class=\"wp-block-column is-layout-flow wp-block-column-is-layout-flow\">\n<figure class=\"wp-block-image size-large\"><img loading=\"lazy\" decoding=\"async\" width=\"1024\" height=\"768\" src=\"https:\/\/sg-ricklingen.de\/wp-content\/uploads\/2026\/04\/Sebastian-Buntrock-1024x768.jpg\" alt=\"\" class=\"wp-image-2935\" srcset=\"https:\/\/sg-ricklingen.de\/wp-content\/uploads\/2026\/04\/Sebastian-Buntrock-1024x768.jpg 1024w, https:\/\/sg-ricklingen.de\/wp-content\/uploads\/2026\/04\/Sebastian-Buntrock-300x225.jpg 300w, https:\/\/sg-ricklingen.de\/wp-content\/uploads\/2026\/04\/Sebastian-Buntrock-768x576.jpg 768w, https:\/\/sg-ricklingen.de\/wp-content\/uploads\/2026\/04\/Sebastian-Buntrock-1536x1152.jpg 1536w, https:\/\/sg-ricklingen.de\/wp-content\/uploads\/2026\/04\/Sebastian-Buntrock-520x390.jpg 520w, https:\/\/sg-ricklingen.de\/wp-content\/uploads\/2026\/04\/Sebastian-Buntrock-740x555.jpg 740w, https:\/\/sg-ricklingen.de\/wp-content\/uploads\/2026\/04\/Sebastian-Buntrock.jpg 1543w\" sizes=\"auto, (max-width: 1024px) 100vw, 1024px\" \/><\/figure>\n<\/div>\n<\/div>\n\n\n\n<div style=\"height:20px\" aria-hidden=\"true\" class=\"wp-block-spacer\"><\/div>\n\n\n\n<p style=\"font-size:18px\">So spannt sich der Bogen der Ricklinger Sch\u00fctzengeschichte \u00fcber mehr als 170 Jahre, gepr\u00e4gt von Tradition, Wandel, sportlichen Erfolgen und dem unerm\u00fcdlichen Engagement vieler Generationen. Und die Geschichte wird weitergeschrieben.<\/p>\n\n\n\n<p><\/p>\n","protected":false},"excerpt":{"rendered":"<p>Die Sch\u00fctzen in Ricklingen im Wandel der Zeiten Die Geschichte der Sch\u00fctzengesellschaft Ricklingen von 1853 e.V. beginnt im Jahr 1853, als Ricklinger B\u00fcrger ein Sch\u00fctzenfest feierten und eine Fahne mit der<a class=\"read-more\" href=\"https:\/\/sg-ricklingen.de\/?page_id=2903\">Mehr erfahren<\/a><\/p>\n","protected":false},"author":10,"featured_media":0,"parent":19,"menu_order":0,"comment_status":"closed","ping_status":"closed","template":"","meta":{"footnotes":""},"class_list":["post-2903","page","type-page","status-publish","hentry"],"_links":{"self":[{"href":"https:\/\/sg-ricklingen.de\/index.php?rest_route=\/wp\/v2\/pages\/2903","targetHints":{"allow":["GET"]}}],"collection":[{"href":"https:\/\/sg-ricklingen.de\/index.php?rest_route=\/wp\/v2\/pages"}],"about":[{"href":"https:\/\/sg-ricklingen.de\/index.php?rest_route=\/wp\/v2\/types\/page"}],"author":[{"embeddable":true,"href":"https:\/\/sg-ricklingen.de\/index.php?rest_route=\/wp\/v2\/users\/10"}],"replies":[{"embeddable":true,"href":"https:\/\/sg-ricklingen.de\/index.php?rest_route=%2Fwp%2Fv2%2Fcomments&post=2903"}],"version-history":[{"count":16,"href":"https:\/\/sg-ricklingen.de\/index.php?rest_route=\/wp\/v2\/pages\/2903\/revisions"}],"predecessor-version":[{"id":2937,"href":"https:\/\/sg-ricklingen.de\/index.php?rest_route=\/wp\/v2\/pages\/2903\/revisions\/2937"}],"up":[{"embeddable":true,"href":"https:\/\/sg-ricklingen.de\/index.php?rest_route=\/wp\/v2\/pages\/19"}],"wp:attachment":[{"href":"https:\/\/sg-ricklingen.de\/index.php?rest_route=%2Fwp%2Fv2%2Fmedia&parent=2903"}],"curies":[{"name":"wp","href":"https:\/\/api.w.org\/{rel}","templated":true}]}}